{"id":17482,"date":"2026-05-01T07:26:50","date_gmt":"2026-05-01T07:26:50","guid":{"rendered":"https:\/\/cofesan.com\/?page_id=17482"},"modified":"2026-05-01T07:41:11","modified_gmt":"2026-05-01T07:41:11","slug":"servicio-armarios","status":"publish","type":"page","link":"https:\/\/cofesan.com\/index.php\/servicio-armarios\/","title":{"rendered":"Servicio Armarios"},"content":{"rendered":"\t\t<div data-elementor-type=\"wp-page\" data-elementor-id=\"17482\" class=\"elementor elementor-17482\">\n\t\t\t\t\t\t<section class=\"elementor-section elementor-top-section elementor-element elementor-element-a9ee8dc elementor-section-boxed elementor-section-height-default elementor-section-height-default\" data-id=\"a9ee8dc\" data-element_type=\"section\" data-e-type=\"section\">\n\t\t\t\t\t\t<div class=\"elementor-container elementor-column-gap-default\">\n\t\t\t\t\t<div class=\"elementor-column elementor-col-100 elementor-top-column elementor-element elementor-element-f146059\" data-id=\"f146059\" data-element_type=\"column\" data-e-type=\"column\">\n\t\t\t<div class=\"elementor-widget-wrap elementor-element-populated\">\n\t\t\t\t\t\t<div class=\"elementor-element elementor-element-ca6b80a artteck-star-rating--align-left elementor-widget elementor-widget-witr_section_s_image\" data-id=\"ca6b80a\" data-element_type=\"widget\" data-e-type=\"widget\" data-widget_type=\"witr_section_s_image.default\">\n\t\t\t\t<div class=\"elementor-widget-container\">\n\t\t\t\t\t\t\n\t\t<div class=\"single_image_area\">\n\t\t\t<div class=\"single_image single_line_option  \">\n\t\t\t\t<!-- image -->\n\t\t\t\t<img fetchpriority=\"high\" decoding=\"async\" width=\"1024\" height=\"671\" src=\"https:\/\/cofesan.com\/wp-content\/uploads\/2025\/12\/151-Instagram-1024x671.jpg\" class=\"attachment-large size-large wp-image-17104\" alt=\"\" srcset=\"https:\/\/cofesan.com\/wp-content\/uploads\/2025\/12\/151-Instagram-1024x671.jpg 1024w, https:\/\/cofesan.com\/wp-content\/uploads\/2025\/12\/151-Instagram-300x197.jpg 300w, https:\/\/cofesan.com\/wp-content\/uploads\/2025\/12\/151-Instagram-768x503.jpg 768w, https:\/\/cofesan.com\/wp-content\/uploads\/2025\/12\/151-Instagram.jpg 1200w\" sizes=\"(max-width: 1024px) 100vw, 1024px\" \/>\t\t\n\t\t\t\t\t\t\t\t\t\t\t<\/div>\n\t\t<\/div>\n\t\t\t\n\t\t\t\n\t\t\n\t\t\t\n\t\t\t\t\t\t<\/div>\n\t\t\t\t<\/div>\n\t\t\t\t<div class=\"elementor-element elementor-element-c792021 artteck-star-rating--align-center elementor-widget elementor-widget-witr_section_title\" data-id=\"c792021\" data-element_type=\"widget\" data-e-type=\"widget\" data-widget_type=\"witr_section_title.default\">\n\t\t\t\t<div class=\"elementor-widget-container\">\n\t\t\t\t\t\t\t\t\t\t<!-- title left -->\n\t\t\t\t\t<div class=\"witr_section_title\">\n\t\t\t\t\t\t<div class=\"witr_section_title_inner text-left\">\n\t\t\t\t\t\t\n\t\t\t\t\t\t\t<!-- icon position -->\n\t\t\t\t\t\t\t\t\n\t\t\t\t\t\t\t<!-- end icon position -->\n\t\t\t\t\t\t\n\t\t\t\t\t\t\n\t\t\t\t\t\t\t<!-- title top -->\n\t\t\t\t\t\t\t\t\t\t\t\t\t\t\t<h2>Estudio personalizado seg\u00fan tus necesidades<\/h2>\t\t\n\t\t\t\t\t\t\t\n\t\t\t\t\t\t\t<!-- icon position -->\n\t\t\t\t\t\t\t\t\n\t\t\t\t\t\t\t<!-- end icon position -->\n\n\t\t\t\t\t\t\t\n\t\t\t\t\t\t\t<!-- title middle -->\n\t\t\t\t\t\t\t\t\t\t\t\t\t\t\t<h3>Armarios y vestidores<\/h3>\t\t\n\t\t\t\t\t\t\t\t\t\t\t\t\t\t<!-- title bottom -->\n\t\t\t\t\t\t\t\t\t\t\t\t\t\t\n\t\t\t\t\t\t\t<!-- icon position -->\n\t\t\t\t\t\t\t\t\t\t\t\t\t\t\n\t\t\t\t\t\t\t<!-- image -->\n\t\t\t\t\t\t\t\t\t\t\t\t\t\t<!-- icon -->\n\t\t\t\t\t\t\t\t\t\t\t\t\t\t\n\t\t\t\t\t\t\t<!-- bar -->\n\t\t\t\t\t\t\t\t\t\t\t\t\t\t<!-- circle bar -->\n\t\t\t\t\t\t\t\t\t\t\t\t\t\t\n\t\t\t\t\t\t\t\t\n\t\t\t\t\t\t\t<!-- end icon position -->\n\n\t\t\t\t\t\t\t<!-- content -->\n\t\t\t\t\t\t\t\t\t\t\t\t\t\t\t<p>Distribuci\u00f3n optimizada del espacio\n<br><br>\nCada proyecto comienza entendiendo c\u00f3mo necesitas organizar tu espacio. Analizamos tus h\u00e1bitos, tipo de ropa, almacenamiento y estilo para dise\u00f1ar un armario o vestidor totalmente adaptado a ti. No trabajamos con soluciones est\u00e1ndar, sino con propuestas pensadas para facilitar tu d\u00eda a d\u00eda.\n<br><br>\nAprovechamos al m\u00e1ximo cada cent\u00edmetro para crear un espacio ordenado, pr\u00e1ctico y c\u00f3modo. Dise\u00f1amos la distribuci\u00f3n interior en funci\u00f3n de tus necesidades, combinando zonas de colgado, cajones, baldas y accesorios para que todo tenga su lugar.\n<br><br>\nPide tu cita y empieza a darle forma a un espacio pensado para ti. Tel\u00e9fono <b>952 34 00 71<\/b>. <\/p>\t\t\n\t\t\t\t\t\t\t\t\t\t\t\t\t<\/div>\n\t\t\t\t\t\t\t<!-- inner title -->\n\t\t\t\t\t\t\t\t\t\t\t\t\t\n\t\t\t\t\t<\/div>\t\t\t\t\n\t\t\t\t\t\t\t\t<\/div>\n\t\t\t\t<\/div>\n\t\t\t\t\t<\/div>\n\t\t<\/div>\n\t\t\t\t\t<\/div>\n\t\t<\/section>\n\t\t\t\t<section class=\"elementor-section elementor-top-section elementor-element elementor-element-2c468ff elementor-section-boxed elementor-section-height-default elementor-section-height-default\" data-id=\"2c468ff\" data-element_type=\"section\" data-e-type=\"section\">\n\t\t\t\t\t\t<div class=\"elementor-container elementor-column-gap-default\">\n\t\t\t\t\t<div class=\"elementor-column elementor-col-100 elementor-top-column elementor-element elementor-element-7c4da8c\" data-id=\"7c4da8c\" data-element_type=\"column\" data-e-type=\"column\">\n\t\t\t<div class=\"elementor-widget-wrap elementor-element-populated\">\n\t\t\t\t\t\t<div class=\"elementor-element elementor-element-8e378a8 elementor-widget elementor-widget-accordion\" data-id=\"8e378a8\" data-element_type=\"widget\" data-e-type=\"widget\" data-widget_type=\"accordion.default\">\n\t\t\t\t<div class=\"elementor-widget-container\">\n\t\t\t\t\t\t\t<div class=\"elementor-accordion\">\n\t\t\t\t\t\t\t<div class=\"elementor-accordion-item\">\n\t\t\t\t\t<div id=\"elementor-tab-title-1491\" class=\"elementor-tab-title\" data-tab=\"1\" role=\"button\" aria-controls=\"elementor-tab-content-1491\" aria-expanded=\"false\">\n\t\t\t\t\t\t\t\t\t\t\t\t\t<span class=\"elementor-accordion-icon elementor-accordion-icon-left\" aria-hidden=\"true\">\n\t\t\t\t\t\t\t\t\t\t\t\t\t\t\t<span class=\"elementor-accordion-icon-closed\"><i class=\"fas fa-plus\"><\/i><\/span>\n\t\t\t\t\t\t\t\t<span class=\"elementor-accordion-icon-opened\"><i class=\"fas fa-minus\"><\/i><\/span>\n\t\t\t\t\t\t\t\t\t\t\t\t\t\t<\/span>\n\t\t\t\t\t\t\t\t\t\t\t\t<a class=\"elementor-accordion-title\" tabindex=\"0\">Asesoramiento en materiales y acabados<\/a>\n\t\t\t\t\t<\/div>\n\t\t\t\t\t<div id=\"elementor-tab-content-1491\" class=\"elementor-tab-content elementor-clearfix\" data-tab=\"1\" role=\"region\" aria-labelledby=\"elementor-tab-title-1491\"><p>Te ayudamos a elegir materiales y acabados que se adapten a tu estilo y al uso diario. Buscamos el equilibrio entre est\u00e9tica, resistencia y funcionalidad, para conseguir un resultado duradero y coherente con el resto del espacio.<\/p><\/div>\n\t\t\t\t<\/div>\n\t\t\t\t\t\t\t<div class=\"elementor-accordion-item\">\n\t\t\t\t\t<div id=\"elementor-tab-title-1492\" class=\"elementor-tab-title\" data-tab=\"2\" role=\"button\" aria-controls=\"elementor-tab-content-1492\" aria-expanded=\"false\">\n\t\t\t\t\t\t\t\t\t\t\t\t\t<span class=\"elementor-accordion-icon elementor-accordion-icon-left\" aria-hidden=\"true\">\n\t\t\t\t\t\t\t\t\t\t\t\t\t\t\t<span class=\"elementor-accordion-icon-closed\"><i class=\"fas fa-plus\"><\/i><\/span>\n\t\t\t\t\t\t\t\t<span class=\"elementor-accordion-icon-opened\"><i class=\"fas fa-minus\"><\/i><\/span>\n\t\t\t\t\t\t\t\t\t\t\t\t\t\t<\/span>\n\t\t\t\t\t\t\t\t\t\t\t\t<a class=\"elementor-accordion-title\" tabindex=\"0\">Realizaci\u00f3n de tu presupuesto<\/a>\n\t\t\t\t\t<\/div>\n\t\t\t\t\t<div id=\"elementor-tab-content-1492\" class=\"elementor-tab-content elementor-clearfix\" data-tab=\"2\" role=\"region\" aria-labelledby=\"elementor-tab-title-1492\"><p>Elaboramos un presupuesto claro y detallado, adaptado a tu proyecto. Ajustamos cada elemento para que encaje en tu inversi\u00f3n, manteniendo siempre la calidad y el dise\u00f1o, y ofreci\u00e9ndote total transparencia en cada partida.<\/p><\/div>\n\t\t\t\t<\/div>\n\t\t\t\t\t\t\t\t\t\t<script type=\"application\/ld+json\">{\"@context\":\"https:\\\/\\\/schema.org\",\"@type\":\"FAQPage\",\"mainEntity\":[{\"@type\":\"Question\",\"name\":\"Asesoramiento en materiales y acabados\",\"acceptedAnswer\":{\"@type\":\"Answer\",\"text\":\"<p>Te ayudamos a elegir materiales y acabados que se adapten a tu estilo y al uso diario. Buscamos el equilibrio entre est\\u00e9tica, resistencia y funcionalidad, para conseguir un resultado duradero y coherente con el resto del espacio.<\\\/p>\"}},{\"@type\":\"Question\",\"name\":\"Realizaci\\u00f3n de tu presupuesto\",\"acceptedAnswer\":{\"@type\":\"Answer\",\"text\":\"<p>Elaboramos un presupuesto claro y detallado, adaptado a tu proyecto. Ajustamos cada elemento para que encaje en tu inversi\\u00f3n, manteniendo siempre la calidad y el dise\\u00f1o, y ofreci\\u00e9ndote total transparencia en cada partida.<\\\/p>\"}}]}<\/script>\n\t\t\t\t\t<\/div>\n\t\t\t\t\t\t<\/div>\n\t\t\t\t<\/div>\n\t\t\t\t\t<\/div>\n\t\t<\/div>\n\t\t\t\t\t<\/div>\n\t\t<\/section>\n\t\t\t\t<\/div>\n\t\t","protected":false},"excerpt":{"rendered":"<p>Estudio personalizado seg\u00fan tus necesidades Armarios y vestidores Distribuci\u00f3n optimizada del espacio Cada proyecto comienza entendiendo c\u00f3mo necesitas organizar tu espacio. Analizamos tus h\u00e1bitos, tipo de ropa, almacenamiento y estilo para dise\u00f1ar un armario o vestidor totalmente adaptado a ti. No trabajamos con soluciones est\u00e1ndar, sino con propuestas pensadas para facilitar tu d\u00eda a d\u00eda. [&hellip;]<\/p>\n","protected":false},"author":1,"featured_media":0,"parent":0,"menu_order":0,"comment_status":"closed","ping_status":"closed","template":"template-home.php","meta":{"footnotes":""},"class_list":["post-17482","page","type-page","status-publish","hentry"],"yoast_head":"<!-- This site is optimized with the Yoast SEO plugin v27.5 - https:\/\/yoast.com\/product\/yoast-seo-wordpress\/ -->\n<title>Servicio Armarios - Cocinas Cofesan<\/title>\n<meta name=\"robots\" content=\"index, follow, max-snippet:-1, max-image-preview:large, max-video-preview:-1\" \/>\n<link rel=\"canonical\" href=\"https:\/\/cofesan.com\/index.php\/servicio-armarios\/\" \/>\n<meta property=\"og:locale\" content=\"es_ES\" \/>\n<meta property=\"og:type\" content=\"article\" \/>\n<meta property=\"og:title\" content=\"Servicio Armarios - Cocinas Cofesan\" \/>\n<meta property=\"og:description\" content=\"Estudio personalizado seg\u00fan tus necesidades Armarios y vestidores Distribuci\u00f3n optimizada del espacio Cada proyecto comienza entendiendo c\u00f3mo necesitas organizar tu espacio. Analizamos tus h\u00e1bitos, tipo de ropa, almacenamiento y estilo para dise\u00f1ar un armario o vestidor totalmente adaptado a ti. No trabajamos con soluciones est\u00e1ndar, sino con propuestas pensadas para facilitar tu d\u00eda a d\u00eda. [&hellip;]\" \/>\n<meta property=\"og:url\" content=\"https:\/\/cofesan.com\/index.php\/servicio-armarios\/\" \/>\n<meta property=\"og:site_name\" content=\"Cocinas Cofesan\" \/>\n<meta property=\"article:modified_time\" content=\"2026-05-01T07:41:11+00:00\" \/>\n<meta property=\"og:image\" content=\"https:\/\/cofesan.com\/wp-content\/uploads\/2025\/12\/151-Instagram.jpg\" \/>\n\t<meta property=\"og:image:width\" content=\"1200\" \/>\n\t<meta property=\"og:image:height\" content=\"786\" \/>\n\t<meta property=\"og:image:type\" content=\"image\/jpeg\" \/>\n<meta name=\"twitter:card\" content=\"summary_large_image\" \/>\n<meta name=\"twitter:label1\" content=\"Tiempo de lectura\" \/>\n\t<meta name=\"twitter:data1\" content=\"2 minutos\" \/>\n<script type=\"application\/ld+json\" class=\"yoast-schema-graph\">{\"@context\":\"https:\\\/\\\/schema.org\",\"@graph\":[{\"@type\":\"WebPage\",\"@id\":\"https:\\\/\\\/cofesan.com\\\/index.php\\\/servicio-armarios\\\/\",\"url\":\"https:\\\/\\\/cofesan.com\\\/index.php\\\/servicio-armarios\\\/\",\"name\":\"Servicio Armarios - Cocinas Cofesan\",\"isPartOf\":{\"@id\":\"https:\\\/\\\/cofesan.com\\\/#website\"},\"primaryImageOfPage\":{\"@id\":\"https:\\\/\\\/cofesan.com\\\/index.php\\\/servicio-armarios\\\/#primaryimage\"},\"image\":{\"@id\":\"https:\\\/\\\/cofesan.com\\\/index.php\\\/servicio-armarios\\\/#primaryimage\"},\"thumbnailUrl\":\"https:\\\/\\\/cofesan.com\\\/wp-content\\\/uploads\\\/2025\\\/12\\\/151-Instagram-1024x671.jpg\",\"datePublished\":\"2026-05-01T07:26:50+00:00\",\"dateModified\":\"2026-05-01T07:41:11+00:00\",\"breadcrumb\":{\"@id\":\"https:\\\/\\\/cofesan.com\\\/index.php\\\/servicio-armarios\\\/#breadcrumb\"},\"inLanguage\":\"es\",\"potentialAction\":[{\"@type\":\"ReadAction\",\"target\":[\"https:\\\/\\\/cofesan.com\\\/index.php\\\/servicio-armarios\\\/\"]}]},{\"@type\":\"ImageObject\",\"inLanguage\":\"es\",\"@id\":\"https:\\\/\\\/cofesan.com\\\/index.php\\\/servicio-armarios\\\/#primaryimage\",\"url\":\"https:\\\/\\\/cofesan.com\\\/wp-content\\\/uploads\\\/2025\\\/12\\\/151-Instagram.jpg\",\"contentUrl\":\"https:\\\/\\\/cofesan.com\\\/wp-content\\\/uploads\\\/2025\\\/12\\\/151-Instagram.jpg\",\"width\":1200,\"height\":786},{\"@type\":\"BreadcrumbList\",\"@id\":\"https:\\\/\\\/cofesan.com\\\/index.php\\\/servicio-armarios\\\/#breadcrumb\",\"itemListElement\":[{\"@type\":\"ListItem\",\"position\":1,\"name\":\"Portada\",\"item\":\"https:\\\/\\\/cofesan.com\\\/\"},{\"@type\":\"ListItem\",\"position\":2,\"name\":\"Servicio Armarios\"}]},{\"@type\":\"WebSite\",\"@id\":\"https:\\\/\\\/cofesan.com\\\/#website\",\"url\":\"https:\\\/\\\/cofesan.com\\\/\",\"name\":\"Cocinas Cofesan\",\"description\":\"Fabricante de muebles de cocina, armarios y ba\u00f1os\",\"publisher\":{\"@id\":\"https:\\\/\\\/cofesan.com\\\/#organization\"},\"potentialAction\":[{\"@type\":\"SearchAction\",\"target\":{\"@type\":\"EntryPoint\",\"urlTemplate\":\"https:\\\/\\\/cofesan.com\\\/?s={search_term_string}\"},\"query-input\":{\"@type\":\"PropertyValueSpecification\",\"valueRequired\":true,\"valueName\":\"search_term_string\"}}],\"inLanguage\":\"es\"},{\"@type\":\"Organization\",\"@id\":\"https:\\\/\\\/cofesan.com\\\/#organization\",\"name\":\"Cocinas Cofesan\",\"url\":\"https:\\\/\\\/cofesan.com\\\/\",\"logo\":{\"@type\":\"ImageObject\",\"inLanguage\":\"es\",\"@id\":\"https:\\\/\\\/cofesan.com\\\/#\\\/schema\\\/logo\\\/image\\\/\",\"url\":\"https:\\\/\\\/cofesan.com\\\/wp-content\\\/uploads\\\/2023\\\/03\\\/cropped-LOGOGESTOR-01-e1770757743939.gif\",\"contentUrl\":\"https:\\\/\\\/cofesan.com\\\/wp-content\\\/uploads\\\/2023\\\/03\\\/cropped-LOGOGESTOR-01-e1770757743939.gif\",\"width\":312,\"height\":312,\"caption\":\"Cocinas Cofesan\"},\"image\":{\"@id\":\"https:\\\/\\\/cofesan.com\\\/#\\\/schema\\\/logo\\\/image\\\/\"}}]}<\/script>\n<!-- \/ Yoast SEO plugin. -->","yoast_head_json":{"title":"Servicio Armarios - Cocinas Cofesan","robots":{"index":"index","follow":"follow","max-snippet":"max-snippet:-1","max-image-preview":"max-image-preview:large","max-video-preview":"max-video-preview:-1"},"canonical":"https:\/\/cofesan.com\/index.php\/servicio-armarios\/","og_locale":"es_ES","og_type":"article","og_title":"Servicio Armarios - Cocinas Cofesan","og_description":"Estudio personalizado seg\u00fan tus necesidades Armarios y vestidores Distribuci\u00f3n optimizada del espacio Cada proyecto comienza entendiendo c\u00f3mo necesitas organizar tu espacio. Analizamos tus h\u00e1bitos, tipo de ropa, almacenamiento y estilo para dise\u00f1ar un armario o vestidor totalmente adaptado a ti. No trabajamos con soluciones est\u00e1ndar, sino con propuestas pensadas para facilitar tu d\u00eda a d\u00eda. [&hellip;]","og_url":"https:\/\/cofesan.com\/index.php\/servicio-armarios\/","og_site_name":"Cocinas Cofesan","article_modified_time":"2026-05-01T07:41:11+00:00","og_image":[{"width":1200,"height":786,"url":"https:\/\/cofesan.com\/wp-content\/uploads\/2025\/12\/151-Instagram.jpg","type":"image\/jpeg"}],"twitter_card":"summary_large_image","twitter_misc":{"Tiempo de lectura":"2 minutos"},"schema":{"@context":"https:\/\/schema.org","@graph":[{"@type":"WebPage","@id":"https:\/\/cofesan.com\/index.php\/servicio-armarios\/","url":"https:\/\/cofesan.com\/index.php\/servicio-armarios\/","name":"Servicio Armarios - Cocinas Cofesan","isPartOf":{"@id":"https:\/\/cofesan.com\/#website"},"primaryImageOfPage":{"@id":"https:\/\/cofesan.com\/index.php\/servicio-armarios\/#primaryimage"},"image":{"@id":"https:\/\/cofesan.com\/index.php\/servicio-armarios\/#primaryimage"},"thumbnailUrl":"https:\/\/cofesan.com\/wp-content\/uploads\/2025\/12\/151-Instagram-1024x671.jpg","datePublished":"2026-05-01T07:26:50+00:00","dateModified":"2026-05-01T07:41:11+00:00","breadcrumb":{"@id":"https:\/\/cofesan.com\/index.php\/servicio-armarios\/#breadcrumb"},"inLanguage":"es","potentialAction":[{"@type":"ReadAction","target":["https:\/\/cofesan.com\/index.php\/servicio-armarios\/"]}]},{"@type":"ImageObject","inLanguage":"es","@id":"https:\/\/cofesan.com\/index.php\/servicio-armarios\/#primaryimage","url":"https:\/\/cofesan.com\/wp-content\/uploads\/2025\/12\/151-Instagram.jpg","contentUrl":"https:\/\/cofesan.com\/wp-content\/uploads\/2025\/12\/151-Instagram.jpg","width":1200,"height":786},{"@type":"BreadcrumbList","@id":"https:\/\/cofesan.com\/index.php\/servicio-armarios\/#breadcrumb","itemListElement":[{"@type":"ListItem","position":1,"name":"Portada","item":"https:\/\/cofesan.com\/"},{"@type":"ListItem","position":2,"name":"Servicio Armarios"}]},{"@type":"WebSite","@id":"https:\/\/cofesan.com\/#website","url":"https:\/\/cofesan.com\/","name":"Cocinas Cofesan","description":"Fabricante de muebles de cocina, armarios y ba\u00f1os","publisher":{"@id":"https:\/\/cofesan.com\/#organization"},"potentialAction":[{"@type":"SearchAction","target":{"@type":"EntryPoint","urlTemplate":"https:\/\/cofesan.com\/?s={search_term_string}"},"query-input":{"@type":"PropertyValueSpecification","valueRequired":true,"valueName":"search_term_string"}}],"inLanguage":"es"},{"@type":"Organization","@id":"https:\/\/cofesan.com\/#organization","name":"Cocinas Cofesan","url":"https:\/\/cofesan.com\/","logo":{"@type":"ImageObject","inLanguage":"es","@id":"https:\/\/cofesan.com\/#\/schema\/logo\/image\/","url":"https:\/\/cofesan.com\/wp-content\/uploads\/2023\/03\/cropped-LOGOGESTOR-01-e1770757743939.gif","contentUrl":"https:\/\/cofesan.com\/wp-content\/uploads\/2023\/03\/cropped-LOGOGESTOR-01-e1770757743939.gif","width":312,"height":312,"caption":"Cocinas Cofesan"},"image":{"@id":"https:\/\/cofesan.com\/#\/schema\/logo\/image\/"}}]}},"jetpack_sharing_enabled":true,"_links":{"self":[{"href":"https:\/\/cofesan.com\/index.php\/wp-json\/wp\/v2\/pages\/17482","targetHints":{"allow":["GET"]}}],"collection":[{"href":"https:\/\/cofesan.com\/index.php\/wp-json\/wp\/v2\/pages"}],"about":[{"href":"https:\/\/cofesan.com\/index.php\/wp-json\/wp\/v2\/types\/page"}],"author":[{"embeddable":true,"href":"https:\/\/cofesan.com\/index.php\/wp-json\/wp\/v2\/users\/1"}],"replies":[{"embeddable":true,"href":"https:\/\/cofesan.com\/index.php\/wp-json\/wp\/v2\/comments?post=17482"}],"version-history":[{"count":7,"href":"https:\/\/cofesan.com\/index.php\/wp-json\/wp\/v2\/pages\/17482\/revisions"}],"predecessor-version":[{"id":17490,"href":"https:\/\/cofesan.com\/index.php\/wp-json\/wp\/v2\/pages\/17482\/revisions\/17490"}],"wp:attachment":[{"href":"https:\/\/cofesan.com\/index.php\/wp-json\/wp\/v2\/media?parent=17482"}],"curies":[{"name":"wp","href":"https:\/\/api.w.org\/{rel}","templated":true}]}}